{"id":57486,"date":"2025-03-05T12:22:51","date_gmt":"2025-03-05T11:22:51","guid":{"rendered":"https:\/\/www.technicalrp.es\/?post_type=tribe_events&#038;p=57486"},"modified":"2025-03-14T13:02:44","modified_gmt":"2025-03-14T12:02:44","slug":"2o-carrera-social-amsa-cup-pista-tamiya-truck-16-03-25","status":"publish","type":"tribe_events","link":"https:\/\/www.technicalrp.es\/pt\/evento\/2o-carrera-social-amsa-cup-pista-tamiya-truck-16-03-25\/","title":{"rendered":"2\u00ba CARRERA SOCIAL AMSA CUP PISTA, TAMIYA TRUCK 16\/03\/25"},"content":{"rendered":"<p><code><div class=\"rtec-attendee-list-wrap rtec-shortcode-attendee-list\"><div class=\"tribe-events-event-meta rtec-event-meta rtec-attendee-list-meta\"><div class=\"tribe-events-meta-group\"><h3 class=\"rtec-section-title\">Actualmente asistiendo al evento<\/h3><div class=\"rtec-attendee-list rtec-list-column-2\"><span class=\"rtec-attendee\">Iker Guerrero <\/span><\/div><div class=\"rtec-attendee-list rtec-list-column-2\"><span class=\"rtec-attendee\">Josep M Franch <\/span><\/div><\/div><\/div><\/div><\/code><\/p>\n<p>&nbsp;<\/p>\n<pre class=\"moz-quote-pre\">Se pide a los inscritos que realicen el pago por adelantado antes del d\u00eda 14 de Marzo para poder tener la carrera preparada, a trav\u00e9s de transferencia en la cuenta bancaria del club ES6601821037470201689807 o bien haciendo el pago de inscripci\u00f3n en la Sede del club C\/ GRAN DE SANT ANDREU 12, BARCELONA. En esta ocasi\u00f3n se permitir\u00e1 el pago el mismo d\u00eda en el circuito al haberse planificado la carrera con poca antelaci\u00f3n.\r\n\r\nPara los socios AMSA el precio es de 15\u20ac una categor\u00eda y 20\u20ac dos o m\u00e1s categor\u00edas.\r\nPara los no socios el precio es de 20\u20ac una categor\u00eda y 25\u20ac dos o m\u00e1s categor\u00edas.\r\n\r\nPara esta carrera es necesario el uso de transponder personal. En caso de no disponer el club tiene transponders en alquiler.\r\n\r\nOs esperamos a todos!!!<\/pre>","protected":false},"excerpt":{"rendered":"<p>&nbsp; Se pide a los inscritos que realicen el pago por adelantado antes del d\u00eda 14 de Marzo para poder tener la carrera preparada, a trav\u00e9s de transferencia en la [&hellip;]<\/p>\n","protected":false},"author":16,"featured_media":57483,"template":"","meta":{"site-sidebar-layout":"default","site-content-layout":"","ast-site-content-layout":"default","site-content-style":"default","site-sidebar-style":"default","ast-global-header-display":"","ast-banner-title-visibility":"","ast-main-header-display":"","ast-hfb-above-header-display":"","ast-hfb-below-header-display":"","ast-hfb-mobile-header-display":"","site-post-title":"","ast-breadcrumbs-content":"","ast-featured-img":"","footer-sml-layout":"","ast-disable-related-posts":"","theme-transparent-header-meta":"default","adv-header-id-meta":"","stick-header-meta":"","header-above-stick-meta":"","header-main-stick-meta":"","header-below-stick-meta":"","astra-migrate-meta-layouts":"set","ast-page-background-enabled":"default","ast-page-background-meta":{"desktop":{"background-color":"","background-image":"","background-repeat":"repeat","background-position":"center center","background-size":"auto","background-attachment":"scroll","background-type":"","background-media":"","overlay-type":"","overlay-color":"","overlay-opacity":"","overlay-gradient":""},"tablet":{"background-color":"","background-image":"","background-repeat":"repeat","background-position":"center center","background-size":"auto","background-attachment":"scroll","background-type":"","background-media":"","overlay-type":"","overlay-color":"","overlay-opacity":"","overlay-gradient":""},"mobile":{"background-color":"","background-image":"","background-repeat":"repeat","background-position":"center center","background-size":"auto","background-attachment":"scroll","background-type":"","background-media":"","overlay-type":"","overlay-color":"","overlay-opacity":"","overlay-gradient":""}},"ast-content-background-meta":{"desktop":{"background-color":"var(--ast-global-color-5)","background-image":"","background-repeat":"repeat","background-position":"center center","background-size":"auto","background-attachment":"scroll","background-type":"","background-media":"","overlay-type":"","overlay-color":"","overlay-opacity":"","overlay-gradient":""},"tablet":{"background-color":"var(--ast-global-color-5)","background-image":"","background-repeat":"repeat","background-position":"center center","background-size":"auto","background-attachment":"scroll","background-type":"","background-media":"","overlay-type":"","overlay-color":"","overlay-opacity":"","overlay-gradient":""},"mobile":{"background-color":"var(--ast-global-color-5)","background-image":"","background-repeat":"repeat","background-position":"center center","background-size":"auto","background-attachment":"scroll","background-type":"","background-media":"","overlay-type":"","overlay-color":"","overlay-opacity":"","overlay-gradient":""}},"_tribe_events_status":"","_tribe_events_status_reason":"","_joinchat":[],"footnotes":""},"tags":[],"tribe_events_cat":[553],"class_list":["post-57486","tribe_events","type-tribe_events","status-publish","has-post-thumbnail","hentry","tribe_events_cat-110-ep-camiones-tamiya-tt01","cat_110-ep-camiones-tamiya-tt01"],"yoast_head":"<!-- This site is optimized with the Yoast SEO plugin v27.4 - https:\/\/yoast.com\/product\/yoast-seo-wordpress\/ -->\n<title>2\u00ba CARRERA SOCIAL AMSA CUP PISTA, TAMIYA TRUCK 16\/03\/25 - Technical Racing Products<\/title>\n<meta name=\"robots\" content=\"index, follow, max-snippet:-1, max-image-preview:large, max-video-preview:-1\" \/>\n<link rel=\"canonical\" href=\"https:\/\/www.technicalrp.es\/pt\/evento\/2o-carrera-social-amsa-cup-pista-tamiya-truck-16-03-25\/\" \/>\n<meta property=\"og:locale\" content=\"pt_PT\" \/>\n<meta property=\"og:type\" content=\"article\" \/>\n<meta property=\"og:title\" content=\"2\u00ba CARRERA SOCIAL AMSA CUP PISTA, TAMIYA TRUCK 16\/03\/25 - Technical Racing Products\" \/>\n<meta property=\"og:description\" content=\"&nbsp; Se pide a los inscritos que realicen el pago por adelantado antes del d\u00eda 14 de Marzo para poder tener la carrera preparada, a trav\u00e9s de transferencia en la [&hellip;]\" \/>\n<meta property=\"og:url\" content=\"https:\/\/www.technicalrp.es\/pt\/evento\/2o-carrera-social-amsa-cup-pista-tamiya-truck-16-03-25\/\" \/>\n<meta property=\"og:site_name\" content=\"Technical Racing Products\" \/>\n<meta property=\"article:modified_time\" content=\"2025-03-14T12:02:44+00:00\" \/>\n<meta property=\"og:image\" content=\"https:\/\/www.technicalrp.es\/wp-content\/uploads\/2025\/03\/ya-disponible-party3.png\" \/>\n\t<meta property=\"og:image:width\" content=\"500\" \/>\n\t<meta property=\"og:image:height\" content=\"500\" \/>\n\t<meta property=\"og:image:type\" content=\"image\/png\" \/>\n<meta name=\"twitter:card\" content=\"summary_large_image\" \/>\n<meta name=\"twitter:label1\" content=\"Tempo estimado de leitura\" \/>\n\t<meta name=\"twitter:data1\" content=\"1 minuto\" \/>\n<script type=\"application\/ld+json\" class=\"yoast-schema-graph\">{\"@context\":\"https:\\\/\\\/schema.org\",\"@graph\":[{\"@type\":\"WebPage\",\"@id\":\"https:\\\/\\\/www.technicalrp.es\\\/evento\\\/2o-carrera-social-amsa-cup-pista-tamiya-truck-16-03-25\\\/\",\"url\":\"https:\\\/\\\/www.technicalrp.es\\\/evento\\\/2o-carrera-social-amsa-cup-pista-tamiya-truck-16-03-25\\\/\",\"name\":\"2\u00ba CARRERA SOCIAL AMSA CUP PISTA, TAMIYA TRUCK 16\\\/03\\\/25 - Technical Racing Products\",\"isPartOf\":{\"@id\":\"https:\\\/\\\/www.technicalrp.es\\\/de\\\/#website\"},\"primaryImageOfPage\":{\"@id\":\"https:\\\/\\\/www.technicalrp.es\\\/evento\\\/2o-carrera-social-amsa-cup-pista-tamiya-truck-16-03-25\\\/#primaryimage\"},\"image\":{\"@id\":\"https:\\\/\\\/www.technicalrp.es\\\/evento\\\/2o-carrera-social-amsa-cup-pista-tamiya-truck-16-03-25\\\/#primaryimage\"},\"thumbnailUrl\":\"https:\\\/\\\/www.technicalrp.es\\\/wp-content\\\/uploads\\\/2025\\\/03\\\/ya-disponible-party3.png\",\"datePublished\":\"2025-03-05T11:22:51+00:00\",\"dateModified\":\"2025-03-14T12:02:44+00:00\",\"breadcrumb\":{\"@id\":\"https:\\\/\\\/www.technicalrp.es\\\/evento\\\/2o-carrera-social-amsa-cup-pista-tamiya-truck-16-03-25\\\/#breadcrumb\"},\"inLanguage\":\"pt-PT\",\"potentialAction\":[{\"@type\":\"ReadAction\",\"target\":[\"https:\\\/\\\/www.technicalrp.es\\\/evento\\\/2o-carrera-social-amsa-cup-pista-tamiya-truck-16-03-25\\\/\"]}]},{\"@type\":\"ImageObject\",\"inLanguage\":\"pt-PT\",\"@id\":\"https:\\\/\\\/www.technicalrp.es\\\/evento\\\/2o-carrera-social-amsa-cup-pista-tamiya-truck-16-03-25\\\/#primaryimage\",\"url\":\"https:\\\/\\\/www.technicalrp.es\\\/wp-content\\\/uploads\\\/2025\\\/03\\\/ya-disponible-party3.png\",\"contentUrl\":\"https:\\\/\\\/www.technicalrp.es\\\/wp-content\\\/uploads\\\/2025\\\/03\\\/ya-disponible-party3.png\",\"width\":500,\"height\":500},{\"@type\":\"BreadcrumbList\",\"@id\":\"https:\\\/\\\/www.technicalrp.es\\\/evento\\\/2o-carrera-social-amsa-cup-pista-tamiya-truck-16-03-25\\\/#breadcrumb\",\"itemListElement\":[{\"@type\":\"ListItem\",\"position\":1,\"name\":\"Portada\",\"item\":\"https:\\\/\\\/www.technicalrp.es\\\/\"},{\"@type\":\"ListItem\",\"position\":2,\"name\":\"Eventos\",\"item\":\"https:\\\/\\\/www.technicalrp.es\\\/eventos\\\/\"},{\"@type\":\"ListItem\",\"position\":3,\"name\":\"2\u00ba CARRERA SOCIAL AMSA CUP PISTA, TAMIYA TRUCK 16\\\/03\\\/25\"}]},{\"@type\":\"WebSite\",\"@id\":\"https:\\\/\\\/www.technicalrp.es\\\/de\\\/#website\",\"url\":\"https:\\\/\\\/www.technicalrp.es\\\/de\\\/\",\"name\":\"Technical Racing Products\",\"description\":\"Los especialistas del MiniZ\",\"publisher\":{\"@id\":\"https:\\\/\\\/www.technicalrp.es\\\/de\\\/#organization\"},\"potentialAction\":[{\"@type\":\"SearchAction\",\"target\":{\"@type\":\"EntryPoint\",\"urlTemplate\":\"https:\\\/\\\/www.technicalrp.es\\\/de\\\/?s={search_term_string}\"},\"query-input\":{\"@type\":\"PropertyValueSpecification\",\"valueRequired\":true,\"valueName\":\"search_term_string\"}}],\"inLanguage\":\"pt-PT\"},{\"@type\":\"Organization\",\"@id\":\"https:\\\/\\\/www.technicalrp.es\\\/de\\\/#organization\",\"name\":\"Technical Racing Products\",\"url\":\"https:\\\/\\\/www.technicalrp.es\\\/de\\\/\",\"logo\":{\"@type\":\"ImageObject\",\"inLanguage\":\"pt-PT\",\"@id\":\"https:\\\/\\\/www.technicalrp.es\\\/de\\\/#\\\/schema\\\/logo\\\/image\\\/\",\"url\":\"https:\\\/\\\/www.technicalrp.es\\\/wp-content\\\/uploads\\\/2020\\\/01\\\/logo-trp.png\",\"contentUrl\":\"https:\\\/\\\/www.technicalrp.es\\\/wp-content\\\/uploads\\\/2020\\\/01\\\/logo-trp.png\",\"width\":640,\"height\":206,\"caption\":\"Technical Racing Products\"},\"image\":{\"@id\":\"https:\\\/\\\/www.technicalrp.es\\\/de\\\/#\\\/schema\\\/logo\\\/image\\\/\"}}]}<\/script>\n<!-- \/ Yoast SEO plugin. -->","yoast_head_json":{"title":"2\u00ba CARRERA SOCIAL AMSA CUP PISTA, TAMIYA TRUCK 16\/03\/25 - Technical Racing Products","robots":{"index":"index","follow":"follow","max-snippet":"max-snippet:-1","max-image-preview":"max-image-preview:large","max-video-preview":"max-video-preview:-1"},"canonical":"https:\/\/www.technicalrp.es\/pt\/evento\/2o-carrera-social-amsa-cup-pista-tamiya-truck-16-03-25\/","og_locale":"pt_PT","og_type":"article","og_title":"2\u00ba CARRERA SOCIAL AMSA CUP PISTA, TAMIYA TRUCK 16\/03\/25 - Technical Racing Products","og_description":"&nbsp; Se pide a los inscritos que realicen el pago por adelantado antes del d\u00eda 14 de Marzo para poder tener la carrera preparada, a trav\u00e9s de transferencia en la [&hellip;]","og_url":"https:\/\/www.technicalrp.es\/pt\/evento\/2o-carrera-social-amsa-cup-pista-tamiya-truck-16-03-25\/","og_site_name":"Technical Racing Products","article_modified_time":"2025-03-14T12:02:44+00:00","og_image":[{"width":500,"height":500,"url":"https:\/\/www.technicalrp.es\/wp-content\/uploads\/2025\/03\/ya-disponible-party3.png","type":"image\/png"}],"twitter_card":"summary_large_image","twitter_misc":{"Tempo estimado de leitura":"1 minuto"},"schema":{"@context":"https:\/\/schema.org","@graph":[{"@type":"WebPage","@id":"https:\/\/www.technicalrp.es\/evento\/2o-carrera-social-amsa-cup-pista-tamiya-truck-16-03-25\/","url":"https:\/\/www.technicalrp.es\/evento\/2o-carrera-social-amsa-cup-pista-tamiya-truck-16-03-25\/","name":"2\u00ba CARRERA SOCIAL AMSA CUP PISTA, TAMIYA TRUCK 16\/03\/25 - Technical Racing Products","isPartOf":{"@id":"https:\/\/www.technicalrp.es\/de\/#website"},"primaryImageOfPage":{"@id":"https:\/\/www.technicalrp.es\/evento\/2o-carrera-social-amsa-cup-pista-tamiya-truck-16-03-25\/#primaryimage"},"image":{"@id":"https:\/\/www.technicalrp.es\/evento\/2o-carrera-social-amsa-cup-pista-tamiya-truck-16-03-25\/#primaryimage"},"thumbnailUrl":"https:\/\/www.technicalrp.es\/wp-content\/uploads\/2025\/03\/ya-disponible-party3.png","datePublished":"2025-03-05T11:22:51+00:00","dateModified":"2025-03-14T12:02:44+00:00","breadcrumb":{"@id":"https:\/\/www.technicalrp.es\/evento\/2o-carrera-social-amsa-cup-pista-tamiya-truck-16-03-25\/#breadcrumb"},"inLanguage":"pt-PT","potentialAction":[{"@type":"ReadAction","target":["https:\/\/www.technicalrp.es\/evento\/2o-carrera-social-amsa-cup-pista-tamiya-truck-16-03-25\/"]}]},{"@type":"ImageObject","inLanguage":"pt-PT","@id":"https:\/\/www.technicalrp.es\/evento\/2o-carrera-social-amsa-cup-pista-tamiya-truck-16-03-25\/#primaryimage","url":"https:\/\/www.technicalrp.es\/wp-content\/uploads\/2025\/03\/ya-disponible-party3.png","contentUrl":"https:\/\/www.technicalrp.es\/wp-content\/uploads\/2025\/03\/ya-disponible-party3.png","width":500,"height":500},{"@type":"BreadcrumbList","@id":"https:\/\/www.technicalrp.es\/evento\/2o-carrera-social-amsa-cup-pista-tamiya-truck-16-03-25\/#breadcrumb","itemListElement":[{"@type":"ListItem","position":1,"name":"Portada","item":"https:\/\/www.technicalrp.es\/"},{"@type":"ListItem","position":2,"name":"Eventos","item":"https:\/\/www.technicalrp.es\/eventos\/"},{"@type":"ListItem","position":3,"name":"2\u00ba CARRERA SOCIAL AMSA CUP PISTA, TAMIYA TRUCK 16\/03\/25"}]},{"@type":"WebSite","@id":"https:\/\/www.technicalrp.es\/de\/#website","url":"https:\/\/www.technicalrp.es\/de\/","name":"Technical Racing Products","description":"Los especialistas del MiniZ","publisher":{"@id":"https:\/\/www.technicalrp.es\/de\/#organization"},"potentialAction":[{"@type":"SearchAction","target":{"@type":"EntryPoint","urlTemplate":"https:\/\/www.technicalrp.es\/de\/?s={search_term_string}"},"query-input":{"@type":"PropertyValueSpecification","valueRequired":true,"valueName":"search_term_string"}}],"inLanguage":"pt-PT"},{"@type":"Organization","@id":"https:\/\/www.technicalrp.es\/de\/#organization","name":"Technical Racing Products","url":"https:\/\/www.technicalrp.es\/de\/","logo":{"@type":"ImageObject","inLanguage":"pt-PT","@id":"https:\/\/www.technicalrp.es\/de\/#\/schema\/logo\/image\/","url":"https:\/\/www.technicalrp.es\/wp-content\/uploads\/2020\/01\/logo-trp.png","contentUrl":"https:\/\/www.technicalrp.es\/wp-content\/uploads\/2020\/01\/logo-trp.png","width":640,"height":206,"caption":"Technical Racing Products"},"image":{"@id":"https:\/\/www.technicalrp.es\/de\/#\/schema\/logo\/image\/"}}]}},"_links":{"self":[{"href":"https:\/\/www.technicalrp.es\/pt\/wp-json\/wp\/v2\/tribe_events\/57486","targetHints":{"allow":["GET"]}}],"collection":[{"href":"https:\/\/www.technicalrp.es\/pt\/wp-json\/wp\/v2\/tribe_events"}],"about":[{"href":"https:\/\/www.technicalrp.es\/pt\/wp-json\/wp\/v2\/types\/tribe_events"}],"author":[{"embeddable":true,"href":"https:\/\/www.technicalrp.es\/pt\/wp-json\/wp\/v2\/users\/16"}],"version-history":[{"count":1,"href":"https:\/\/www.technicalrp.es\/pt\/wp-json\/wp\/v2\/tribe_events\/57486\/revisions"}],"predecessor-version":[{"id":57487,"href":"https:\/\/www.technicalrp.es\/pt\/wp-json\/wp\/v2\/tribe_events\/57486\/revisions\/57487"}],"wp:featuredmedia":[{"embeddable":true,"href":"https:\/\/www.technicalrp.es\/pt\/wp-json\/wp\/v2\/media\/57483"}],"wp:attachment":[{"href":"https:\/\/www.technicalrp.es\/pt\/wp-json\/wp\/v2\/media?parent=57486"}],"wp:term":[{"taxonomy":"post_tag","embeddable":true,"href":"https:\/\/www.technicalrp.es\/pt\/wp-json\/wp\/v2\/tags?post=57486"},{"taxonomy":"tribe_events_cat","embeddable":true,"href":"https:\/\/www.technicalrp.es\/pt\/wp-json\/wp\/v2\/tribe_events_cat?post=57486"}],"curies":[{"name":"wp","href":"https:\/\/api.w.org\/{rel}","templated":true}]}}